{"id":510,"date":"2025-01-09T10:55:17","date_gmt":"2025-01-09T09:55:17","guid":{"rendered":"https:\/\/onenext.work\/?page_id=510"},"modified":"2025-09-01T18:38:02","modified_gmt":"2025-09-01T16:38:02","slug":"aviso-legal-y-privacidad","status":"publish","type":"page","link":"https:\/\/onenext.work\/en\/aviso-legal-y-privacidad\/","title":{"rendered":"Legal Notice &amp; Privacy Policy"},"content":{"rendered":"<h3><strong>Legal Notice<\/strong><\/h3>\n<p>Thank you for visiting us. We want your experience on our website to be as satisfactory as possible.<\/p>\n<p class=\"translation-block\">To access our services, you declare that <strong>you are of legal age<\/strong> and have the legal capacity, under your national law, to use our services.<\/p>\n<p>Accessing and browsing this website, or using its services, implies the full and express acceptance of each and every one of these General Terms and Conditions, including any Specific Terms established for certain promotions, as well as the Privacy and Cookie Policies, in accordance with the applicable regulations on the protection of personal data.\nPlease read them carefully to understand what type of data we collect through our website, for what purposes, and what rights you have in relation to them.<\/p>\n<p><strong>1.- Legal Information<\/strong><\/p>\n<p>In compliance with Law 34\/2002, of July 11, on Information Society Services and Electronic Commerce, the identifying details of the website owner are:<\/p>\n<p>FlexWork Spaces SL<\/p>\n<p>Calle\u00a0Piamonte\u00a023<\/p>\n<p>28004 Madrid<\/p>\n<p>CIF:\u00a0B-93612844<\/p>\n<p>Datos inscripci\u00f3n en el Registro Mercantil de Madrid:\u00a0folio electr\u00f3nico, IRUS: 1000046268568, inscripci\u00f3n\/anotaci\u00f3n 2 con hoja M-849353.\u00a0\u00a0<\/p>\n<p>Para cualquier duda o consulta, puede ponerse en contacto con nosotros a trav\u00e9s del tel\u00e9fono: +34 911 924 858,<\/p>\n<p>o el e-mail: hola@onenext.work.<\/p>\n<p>By accessing the website, the User expressly accepts these General Terms of Use, which may be modified in whole or in part, or replaced by others, by the owner at any time without prior notice. We recommend reviewing these conditions periodically to check for any updates, which will be published in this same section.<\/p>\n<p><strong>2.- General Terms of Use<\/strong><\/p>\n<p class=\"translation-block\">These General Terms regulate the use and access to the website, establishing guidelines for its proper use and behavior. FlexWork Spaces SL provides users with information about the use, services, and content hosted on the website. Through it, Users can access information about specific products and services, tools, and applications.<\/p>\n<p>The data and information about products or services, prices, features, or other relevant details offered on the website are provided and updated by third-party providers. FlexWork Spaces SL is not responsible for such data or information and assumes no obligation regarding them.<\/p>\n<p>The User agrees to make proper use of the content, services, applications, and tools accessible on the site, in accordance with the law, these General Terms, and, where applicable, the Specific Terms that may be established for access to certain services or applications, while respecting other Users at all times.<\/p>\n<p>In the event of total or partial non-compliance with these General Terms by the User, FlexWork Spaces SL reserves the right to deny access to the website without prior notice.<\/p>\n<p><strong>3.- General Obligations of the User<\/strong><\/p>\n<p>By accepting these General Terms of Use, the User expressly agrees to:<\/p>\n<p>&#8211; No realizar ninguna acci\u00f3n destinada perjudicar, bloquear, da\u00f1ar, inutilizar, sobrecargar, de forma temporal o definitiva, las funcionalidades, herramientas, contenidos y\/o la infraestructura de la p\u00e1gina web, de manera que impida su normal utilizaci\u00f3n.<\/p>\n<p>&#8211; Custodiar y mantener la confidencialidad de las claves de acceso asociadas a su nombre de Usuario, siendo responsable de la utilizaci\u00f3n de dichas claves de acceso personales e intransferibles por parte de terceros.<\/p>\n<p>&#8211; No introducir ni realizar contenidos injuriosos o calumniosos, tanto de otros Usuarios como de terceras empresas ajenas a\u00a0Flexwork Spaces S.L.<\/p>\n<p>&#8211; No utilizar cualquiera de los materiales e informaciones contenidos en este Sitio Web con fines il\u00edcitos y\/o expresamente prohibidos en las presentes Condiciones Generales de Uso, as\u00ed como a las condiciones particulares que, en su caso, se establezcan para determinadas aplicaciones y\/o utilidades y que resulten contrarios a los derechos e intereses de\u00a0Flexwork Spaces S.L. sus usuarios y\/o terceros.<\/p>\n<p>&#8211; No ofertar ni distribuir productos y servicios, ni realizar publicidad o comunicaciones comerciales no solicitadas a otros Usuarios y visitantes de Flexwork Spaces S.L.<\/p>\n<p>El Usuario responder\u00e1 de los todos los da\u00f1os y perjuicios de toda naturaleza que Flexwork Spaces S.L.\u00a0o cualquier tercero pueda sufrir como consecuencia del incumplimiento de cualesquiera de las obligaciones a las que queda sometido por virtud de estas \u00abCondiciones Generales de Uso\u00bb o de la ley en relaci\u00f3n con el acceso y\/o utilizaci\u00f3n de la p\u00e1gina.<\/p>\n<p><strong>4.- Intellectual and Industrial Property<\/strong><\/p>\n<p>The website, its pages, and the information or elements contained therein (including texts, documents, photographs, drawings, graphic representations, logos, trademarks, trade names, or other distinctive signs) are protected by intellectual and\/or industrial property rights, owned by FlexWork Spaces SL or third parties who have authorized their use.<\/p>\n<p>The User agrees to use the content in a diligent and lawful manner, in accordance with the law, morality, and public order. FlexWork Spaces SL authorizes the User to view the information contained on this website and to make private reproductions (such as downloading and storing data on their devices) exclusively for personal use. This authorization does not imply any license or assignment of intellectual property rights.<\/p>\n<p>The User is not authorized to distribute, modify, assign, or publicly communicate the information contained on this website in any form or for any purpose.<\/p>\n<p><strong>5.- Links<\/strong><\/p>\n<p>Links to third-party websites have been established solely as a convenience for the User. FlexWork Spaces SL is not, under any circumstances, responsible for these links or their content.<\/p>\n<p>The existence of links to external content does not imply any relationship, support, approval, or commercial connection between FlexWork Spaces SL and the authors, managers, or owners of such content or sites.<\/p>\n<p>Creating links to this website requires the express prior written authorization of FlexWork Spaces SL.<\/p>\n<p><strong>6.- Liability<\/strong><\/p>\n<p>Flexwork Spaces S.L. does not guarantee continuous access, correct display, downloading, or usefulness of the elements and information contained on the portal\u2019s pages, which may be impeded, hindered, or interrupted by factors or circumstances beyond its control or independent of its will, nor of those caused by the presence of computer viruses on the Internet.<\/p>\n<p>Flexwork Spaces S.L. assumes no liability whatsoever for damages, losses, claims, or expenses arising from:<\/p>\n<p>(i) Interference, interruptions, failures, omissions, delays, blockages, or disconnections caused by errors in telecommunications lines and networks or by any other cause beyond the control of Flexwork Spaces S.L.<\/p>\n<p>(ii) Unlawful intrusions through the use of malicious software of any kind and through any means of communication, such as computer viruses or others of a similar nature;<\/p>\n<p>(iii) Improper or inappropriate use of the Flexwork Spaces S.L. website;<\/p>\n<p>(iv) Security or navigation errors caused by a malfunction of the browser or by the use of non-updated versions.<\/p>\n<p>Flexwork Spaces S.L. is not liable for and shall in no case be held responsible before users or third parties for acts carried out by any third party unrelated to Flexwork Spaces S.L. that may entail or result in acts of unfair competition and unlawful advertising, or in the infringement of intellectual and industrial property rights, trade secrets, contractual commitments of any kind, rights to honor, personal and family privacy, or image, property rights, or any other rights belonging to a third party, arising from the transmission, dissemination, storage, provision, reception, acquisition, or access to content.<\/p>\n<p><strong>7.- Personal Data Protection<\/strong><\/p>\n<p class=\"translation-block\">Our full data protection policy is available in the \u00a0<a href=\"#politica\" target=\"_self\">Privacy Policy<\/a>, which is an integral part of these General Terms but is published separately for convenience.<\/p>\n<p><strong>8.- Governing Law<\/strong><\/p>\n<p>This Legal Notice and its terms and conditions shall be governed by and construed in accordance with Spanish law. \nBy accessing the website or registering as a user, you irrevocably consent to the jurisdiction of the competent courts for any legal action arising from or related to these terms or your use of this site.<\/p>\n<p>If any non-essential provision of these General Terms is declared null or unenforceable, the validity of the remaining provisions shall not be affected.<\/p>\n\t<h3><strong>Pol\u00edtica de Privacidad<\/strong><\/h3>\n<p>La Pol\u00edtica de Privacidad forma parte de las Condiciones Generales que rigen la presente Web.<\/p>\n<p><strong>\u00bfQui\u00e9n es el responsable del tratamiento de tus datos?<\/strong><\/p>\n<p>Flexwork Spaces SL<\/p>\n<p>Calle Piamonte 23<\/p>\n<p>28004 Madrid<\/p>\n<p>CIF: B-92612844<\/p>\n<p>Tfno: +34 911 924 858<\/p>\n<p>Mail contacto ejercicio de derechos: hola@onenext.work<\/p>\n<p>Puedes dirigirte de cualquier forma para comunicarte con nosotros.<\/p>\n<p>Nos reservamos el derecho a modificar o adaptar la presente Pol\u00edtica de Privacidad en cualquier momento. Te recomendamos revisar la misma, y si te has registrado y accedes a tu cuenta o perfil, se te informar\u00e1 de las modificaciones.<\/p>\n<p>Si eres alguno de los siguientes colectivos, consulta la informaci\u00f3n desplegable:<\/p>\n<p><strong>+ CONTACTOS DE LA WEB O DEL CORREO ELECTR\u00d3NICO<\/strong><\/p>\n<p><strong>\u00bfQu\u00e9 datos recopilamos a trav\u00e9s de la Web?<\/strong><\/p>\n<p>Podemos tratar tu IP, qu\u00e9 sistema operativo o navegador usas, e incluso la duraci\u00f3n de tu visita, de forma an\u00f3nima.<\/p>\n<p>Si nos facilitas datos en el formulario de contacto, te identificar\u00e1s para poder contactar contigo, en caso de que sea necesario.<\/p>\n<p><strong>\u00bfCon que finalidades vamos a tratar sus datos personales?<\/strong><\/p>\n<ul>\n<li>Contestar a tus consultas, solicitudes o peticiones.<\/li>\n<li>Gestionar el servicio solicitado, contestar tu solicitud, o tramitar tu petici\u00f3n.<\/li>\n<li>Informaci\u00f3n por medios electr\u00f3nicos, que versen sobre tu solicitud.<\/li>\n<li>Informaci\u00f3n comercial o de eventos por medios electr\u00f3nicos, siempre que exista autorizaci\u00f3n expresa.<\/li>\n<li>Realizar an\u00e1lisis y mejoras en la Web, sobre nuestros productos y servicios.\u00a0 Mejorar nuestra estrategia comercial.<\/li>\n<\/ul>\n<p><strong>\u00bfCu\u00e1l es la legitimaci\u00f3n para el tratamiento de tus datos?<\/strong><\/p>\n<p>La aceptaci\u00f3n y consentimiento del interesado, otorgado a trav\u00e9s de una acci\u00f3n voluntaria, como en los casos donde para realizar una solicitud sea necesario cumplimentar un formulario y hacer un \u00abclick\u00bb en el bot\u00f3n de enviar, la realizaci\u00f3n del mismo implicar\u00e1 necesariamente que ha sido informado y ha otorgado expresamente su consentimiento al contenido de la cl\u00e1usula anexada a dicho formulario o aceptaci\u00f3n de la pol\u00edtica de privacidad.<\/p>\n<p>Todos nuestros formularios cuentan con el s\u00edmbolo * en los datos obligatorios. Si no facilitas esos campos, o no marcas el checkbox de aceptaci\u00f3n de la pol\u00edtica de privacidad, no se permitir\u00e1 el env\u00edo de la informaci\u00f3n.<\/p>\n<p><strong>\u00bfDurante cu\u00e1nto tiempo vamos a mantener los datos personales?<\/strong><\/p>\n<p>Hasta la revocaci\u00f3n del consentimiento otorgado.<\/p>\n<p><strong>+CLIENTES<\/strong><\/p>\n<p><strong>\u00bfCon que finalidades vamos a tratar sus datos personales?<\/strong><\/p>\n<ul>\n<li>Elaboraci\u00f3n del presupuesto y seguimiento de este mediante comunicaciones entre ambas partes.<\/li>\n<li>Informaci\u00f3n por medios electr\u00f3nicos, que versen sobre tu solicitud.<\/li>\n<li>Informaci\u00f3n comercial o de eventos por medios electr\u00f3nicos, siempre que exista autorizaci\u00f3n expresa.<\/li>\n<li>Gestionar los servicios administrativos, de comunicaciones y de log\u00edstica realizados por el Responsable.<\/li>\n<li>Facturaci\u00f3n y declaraci\u00f3n de los impuestos oportunos.<\/li>\n<\/ul>\n<ul>\n<li>Realizar las transacciones que correspondan.<\/li>\n<li>Gestiones de control y recobro.<\/li>\n<\/ul>\n<p><strong>\u00bfCu\u00e1l es la legitimaci\u00f3n para el tratamiento de tus datos?<\/strong><\/p>\n<p>La existencia de una relaci\u00f3n contractual entre las partes. El tratamiento es necesario para la ejecuci\u00f3n de un contrato en el que el interesado es parte o para la aplicaci\u00f3n a petici\u00f3n de este de medidas precontractuales.<\/p>\n<p><strong>\u00bfDurante cu\u00e1nto tiempo vamos a mantener los datos personales?<\/strong><\/p>\n<p>Durante la vigencia de las relaciones entre las partes y por los plazos de prescripci\u00f3n derivados de las mismas.<\/p>\n<p><strong>+PROVEEDORES<\/strong><\/p>\n<p><strong>\u00bfCon que finalidades vamos a tratar sus datos personales?<\/strong><\/p>\n<ul>\n<li>Informaci\u00f3n por medios electr\u00f3nicos, que versen sobre tu solicitud.<\/li>\n<li>Informaci\u00f3n comercial o de eventos por medios electr\u00f3nicos, siempre que exista autorizaci\u00f3n expresa.<\/li>\n<li>Gestionar los servicios administrativos, de comunicaciones y de log\u00edstica realizados por el Responsable.<\/li>\n<li>Facturaci\u00f3n.<\/li>\n<\/ul>\n<ul>\n<li>Realizar las transacciones que correspondan.<\/li>\n<li>Facturaci\u00f3n y declaraci\u00f3n de los impuestos oportunos.<\/li>\n<li>Gestiones de control y recobro.<\/li>\n<\/ul>\n<p><strong>\u00bfCu\u00e1l es la legitimaci\u00f3n para el tratamiento de tus datos?<\/strong><\/p>\n<p>La base legal es la aceptaci\u00f3n de una relaci\u00f3n contractual, o en su defecto tu consentimiento al contactar con nosotros u ofrecernos sus productos por alguna v\u00eda.<\/p>\n<p><strong>\u00bfDurante cu\u00e1nto tiempo vamos a mantener los datos personales?<\/strong><\/p>\n<p>Durante la vigencia de las relaciones entre las partes y por los plazos de prescripci\u00f3n derivados de las mismas.<\/p>\n<p><strong>+CONTACTOS REDES SOCIALES<\/strong><\/p>\n<p><strong>\u00bfCon que finalidades vamos a tratar sus datos personales?<\/strong><\/p>\n<ul>\n<li>Contestar a tus consultas, solicitudes o peticiones.<\/li>\n<li>Gestionar el servicio solicitado, contestar tu solicitud, o tramitar tu petici\u00f3n.<\/li>\n<li>Relacionarnos contigo y crear una comunidad de seguidores.<\/li>\n<\/ul>\n<p><strong>\u00bfCu\u00e1l es la legitimaci\u00f3n para el tratamiento de tus datos?<\/strong><\/p>\n<p>Las bases que legitiman el tratamiento es el consentimiento voluntario del interesado de ponerse en contacto y, en su caso, la aceptaci\u00f3n de una relaci\u00f3n contractual en el entorno de la red social que corresponda. El tratamiento de los datos dentro de la Red Social se realizar\u00e1 conforme a sus pol\u00edticas de Privacidad.<\/p>\n<p><strong>\u00bfDurante cu\u00e1nto tiempo vamos a mantener los datos personales?<\/strong><\/p>\n<p>S\u00f3lo podemos consultar o dar de baja tus datos de forma restringida al tener un perfil espec\u00edfico. Los trataremos tanto tiempo como t\u00fa nos dejes sigui\u00e9ndonos, siendo amigos o d\u00e1ndole a \u00abme gusta\u00bb, \u00abseguir\u00bb o botones similares.<\/p>\n<p>Cualquier rectificaci\u00f3n de tus datos o restricci\u00f3n de informaci\u00f3n o de publicaciones debes realizarla a trav\u00e9s de la configuraci\u00f3n de tu perfil o usuario en la propia red social.<\/p>\n<p><strong>+ INFORMACI\u00d3N ADICIONAL SOBRE LOS TRATAMIENTOS DE DATOS PERSONALES<\/strong><\/p>\n<p><strong>\u00bfIncluimos datos personales de terceras personas?<\/strong><\/p>\n<p>No, como norma general s\u00f3lo tratamos los datos que nos facilitan los titulares. Si nos aportas datos de terceros, deber\u00e1s con car\u00e1cter previo, informar y solicitar su consentimiento a dichas personas, o de lo contrario nos eximes de cualquier responsabilidad por el incumplimiento de \u00e9ste requisito.<\/p>\n<p><strong>\u00bfY datos de menores?<\/strong><\/p>\n<p>No tratamos datos de menores de 14 a\u00f1os. Por tanto, abst\u00e9ngase de facilitarlos si no tiene esa edad o, en su caso, de facilitar datos de terceros que no tengan la citada edad. FlexWork Spaces SL. se exime de cualquier responsabilidad por el incumplimiento de esta previsi\u00f3n.<\/p>\n<p><strong>\u00bfRealizaremos comunicaciones por medios electr\u00f3nicos?<\/strong><\/p>\n<ul>\n<li>S\u00f3lo se realizar\u00e1n para gestionar tu solicitud, si es uno de los medios de contacto que nos ha facilitado.<\/li>\n<li>Si realizamos comunicaciones comerciales habr\u00e1n sido previa y expresamente autorizadas por ti.<\/li>\n<\/ul>\n<p><strong>\u00bfQu\u00e9 medidas de seguridad aplicamos?<\/strong><\/p>\n<p>Puedes estar tranquilo: Hemos adoptado un nivel \u00f3ptimo de protecci\u00f3n de los Datos Personales que manejamos, y hemos instalado todos los medios y medidas t\u00e9cnicas a nuestra disposici\u00f3n seg\u00fan el estado de la tecnolog\u00eda para evitar la p\u00e9rdida, mal uso, alteraci\u00f3n, acceso no autorizado y robo de los Datos Personales.<\/p>\n<p><strong>\u00bfA qu\u00e9 destinatarios se comunicar\u00e1n tus datos?<\/strong><\/p>\n<p>Tus datos no se ceder\u00e1n a terceros, salvo obligaci\u00f3n legal. En concreto se comunicar\u00e1n a la Agencia Estatal de la Administraci\u00f3n Tributaria y a bancos y entidades financieras para el cobro del servicio prestado o producto adquirido Como a los encargados del tratamiento necesarios para la ejecuci\u00f3n del acuerdo.<\/p>\n<p>En caso de compra o pago, si eliges alguna aplicaci\u00f3n, web, plataforma, tarjeta bancaria, o alg\u00fan otro servicio online, tus datos se ceder\u00e1n a esa plataforma o se tratar\u00e1n en su entorno, siempre con la m\u00e1xima seguridad.<\/p>\n<p>Cuando se lo ordenemos, tendr\u00e1n acceso a nuestra web la empresa de desarrollo y mantenimiento web, alojamiento web\/hosting. Las mismas tendr\u00e1n firmado un contrato de prestaci\u00f3n de servicios que les obliga a mantener el mismo nivel de privacidad que nosotros.<\/p>\n<p><strong>\u00bfQu\u00e9 Derechos tienes?<\/strong><\/p>\n<ul>\n<li>A conocer si estamos tratando tus datos o no.<\/li>\n<li>A acceder a tus datos personales.<\/li>\n<li>A solicitar la rectificaci\u00f3n de tus datos si son inexactos.<\/li>\n<li>A solicitar la supresi\u00f3n de tus datos si ya no son necesarios para los fines para los que fueron recogidos o si nos retiras el consentimiento otorgado.<\/li>\n<li>A solicitar la limitaci\u00f3n del tratamiento de sus datos, en algunos supuestos, en cuyo caso s\u00f3lo los conservaremos de acuerdo con la normativa vigente.<\/li>\n<li>A portar tus datos, que te ser\u00e1n facilitados en un formato estructurado, de uso com\u00fan o lectura mec\u00e1nica. Si lo prefieres, se los podemos enviar al nuevo responsable que nos designes. S\u00f3lo es v\u00e1lido en determinados supuestos.<\/li>\n<li>A presentar una reclamaci\u00f3n ante la Agencia Espa\u00f1ola de Protecci\u00f3n de Datos o autoridad de control competente, si crees que no te hemos atendido correctamente.<\/li>\n<li>A revocar el consentimiento para cualquier tratamiento para el que hayas consentido, en cualquier momento.<\/li>\n<\/ul>\n<p>Si modificas alg\u00fan dato, te agradecemos que nos lo comuniques para mantenerlos actualizados.<\/p>\n<p><strong>\u00bfQuieres un formulario para el ejercicio de Derechos?<\/strong><\/p>\n<ul>\n<li>Tenemos formularios para el ejercicio de tus derechos, p\u00eddenoslos por email o si lo prefieres, puedes usar los elaborados por la Agencia Espa\u00f1ola de Protecci\u00f3n de Datos o terceros.<\/li>\n<li>Estos formularios deben ir firmados electr\u00f3nicamente o ser acompa\u00f1ados de fotocopia del DNI, que destruiremos una vez verificada la identidad.<\/li>\n<li>Si te representa alguien, debes adjuntarnos copia de su DNI, o que lo firme con su firma electr\u00f3nica.<\/li>\n<li>Los formularios pueden ser presentados presencialmente, enviados por carta o por mail en la direcci\u00f3n del Responsable al inicio de este texto.<\/li>\n<\/ul>\n<p><strong>\u00bfCu\u00e1nto tardamos en contestarte al Ejercicio de Derechos?<\/strong><\/p>\n<p>Depende del derecho, pero como m\u00e1ximo en un mes desde tu solicitud, y dos meses si el tema es muy complejo y te notificamos que necesitamos m\u00e1s tiempo.<\/p>\n<p><strong>\u00bfTratamos cookies?<\/strong><\/p>\n<p>Si usamos otro tipo de cookies que no sean las necesarias, podr\u00e1s consultar la pol\u00edtica de cookies en el enlace correspondiente desde el inicio de nuestra web.<\/p>","protected":false},"excerpt":{"rendered":"<p>Aviso Legal Le agradecemos que hayas decidido visitarnos. Queremos que su experiencia en nuestra Web sea lo mejor posible. Para acceder a nuestros servicios, declara que\u00a0es mayor de edad\u00a0y que tiene la capacidad legal suficiente para usar nuestros servicios, de acuerdo con su ley nacional. El acceso y la navegaci\u00f3n en el sitio web, o&hellip;<\/p>","protected":false},"author":1,"featured_media":0,"parent":0,"menu_order":0,"comment_status":"closed","ping_status":"closed","template":"","meta":{"of_logo_link":"","footnotes":""},"class_list":["post-510","page","type-page","status-publish","hentry"],"_links":{"self":[{"href":"https:\/\/onenext.work\/en\/wp-json\/wp\/v2\/pages\/510","targetHints":{"allow":["GET"]}}],"collection":[{"href":"https:\/\/onenext.work\/en\/wp-json\/wp\/v2\/pages"}],"about":[{"href":"https:\/\/onenext.work\/en\/wp-json\/wp\/v2\/types\/page"}],"author":[{"embeddable":true,"href":"https:\/\/onenext.work\/en\/wp-json\/wp\/v2\/users\/1"}],"replies":[{"embeddable":true,"href":"https:\/\/onenext.work\/en\/wp-json\/wp\/v2\/comments?post=510"}],"version-history":[{"count":12,"href":"https:\/\/onenext.work\/en\/wp-json\/wp\/v2\/pages\/510\/revisions"}],"predecessor-version":[{"id":1184,"href":"https:\/\/onenext.work\/en\/wp-json\/wp\/v2\/pages\/510\/revisions\/1184"}],"wp:attachment":[{"href":"https:\/\/onenext.work\/en\/wp-json\/wp\/v2\/media?parent=510"}],"curies":[{"name":"wp","href":"https:\/\/api.w.org\/{rel}","templated":true}]}}